{"id":1623,"date":"2017-06-25T16:55:42","date_gmt":"2017-06-25T14:55:42","guid":{"rendered":"http:\/\/spazioaldamerini.org\/?page_id=1623"},"modified":"2017-06-25T16:55:42","modified_gmt":"2017-06-25T14:55:42","slug":"anno-2016","status":"publish","type":"page","link":"https:\/\/lacasadelleartiste.it\/?page_id=1623","title":{"rendered":"Anno 2016"},"content":{"rendered":"<p>programmi mensili ed eventi anno 2016<\/p>\n<p>&nbsp;<\/p>\n<p>&nbsp;<\/p>\n<p><img loading=\"lazy\" class=\" wp-image-607 aligncenter\" src=\"https:\/\/spazioaldamerinidotorg.files.wordpress.com\/2016\/12\/loc-28-12-mercatini_sm.jpg\" alt=\"loc-28-12-mercatini_sm\" width=\"373\" height=\"528\" \/><\/p>\n<p><img loading=\"lazy\" class=\" wp-image-596 aligncenter\" src=\"https:\/\/spazioaldamerinidotorg.files.wordpress.com\/2016\/12\/collettiva-di-natale-i-colori-si-pensano-di-notte-2016.jpg\" alt=\"collettiva-di-natale-i-colori-si-pensano-di-notte-2016\" width=\"386\" height=\"643\" \/><\/p>\n<p>&nbsp;<\/p>\n<p><img loading=\"lazy\" class=\" size-full wp-image-571 aligncenter\" src=\"https:\/\/spazioaldamerinidotorg.files.wordpress.com\/2015\/10\/un-giorno-qualunque.jpg\" alt=\"un-giorno-qualunque\" width=\"401\" height=\"567\" \/><\/p>\n<p>&nbsp;<\/p>\n<p><img loading=\"lazy\" class=\" size-full wp-image-570 aligncenter\" src=\"https:\/\/spazioaldamerinidotorg.files.wordpress.com\/2015\/10\/gemma-orlandi.jpg\" alt=\"gemma-orlandi\" width=\"401\" height=\"567\" \/><\/p>\n<p>&nbsp;<\/p>\n<p>&nbsp;<\/p>\n<p>&nbsp;<\/p>\n<p><img loading=\"lazy\" class=\" wp-image-548 aligncenter\" src=\"https:\/\/spazioaldamerinidotorg.files.wordpress.com\/2015\/10\/13.jpg\" alt=\"1\" width=\"464\" height=\"659\" \/><\/p>\n<p>&nbsp;<\/p>\n<p>&nbsp;<\/p>\n<p><img loading=\"lazy\" class=\" wp-image-535 aligncenter\" src=\"https:\/\/spazioaldamerinidotorg.files.wordpress.com\/2015\/10\/foto12.jpg\" alt=\"foto\" width=\"469\" height=\"664\" \/><\/p>\n<p>&nbsp;<\/p>\n<p><img loading=\"lazy\" class=\" wp-image-533 aligncenter\" src=\"https:\/\/spazioaldamerinidotorg.files.wordpress.com\/2015\/10\/12.jpg\" alt=\"1\" width=\"413\" height=\"604\" \/><\/p>\n<p>&nbsp;<\/p>\n<p>&nbsp;<\/p>\n<p><img loading=\"lazy\" class=\" wp-image-505 aligncenter\" src=\"https:\/\/spazioaldamerinidotorg.files.wordpress.com\/2015\/10\/lia-bottanelli.jpg\" alt=\"lia-bottanelli\" width=\"435\" height=\"580\" \/><\/p>\n<p>&nbsp;<\/p>\n<p><img loading=\"lazy\" class=\" wp-image-531 aligncenter\" src=\"https:\/\/spazioaldamerinidotorg.files.wordpress.com\/2015\/10\/foto-copia-2.jpg\" alt=\"foto-copia-2\" width=\"389\" height=\"551\" \/><\/p>\n<p>&nbsp;<\/p>\n<p><img loading=\"lazy\" class=\" wp-image-504 aligncenter\" src=\"https:\/\/spazioaldamerinidotorg.files.wordpress.com\/2015\/10\/foto-22.jpg\" alt=\"foto-2\" width=\"425\" height=\"603\" \/><\/p>\n<p>&nbsp;<\/p>\n<p>&nbsp;<\/p>\n<p><img loading=\"lazy\" class=\" wp-image-508 aligncenter\" src=\"https:\/\/spazioaldamerinidotorg.files.wordpress.com\/2015\/10\/foto11.jpg\" alt=\"foto\" width=\"411\" height=\"581\" \/><\/p>\n<p>&nbsp;<\/p>\n<p><img loading=\"lazy\" class=\" wp-image-503 aligncenter\" src=\"https:\/\/spazioaldamerinidotorg.files.wordpress.com\/2015\/10\/foto-3.jpg\" alt=\"foto-3\" width=\"416\" height=\"588\" \/><\/p>\n<p>&nbsp;<\/p>\n<p><img loading=\"lazy\" class=\" wp-image-502 aligncenter\" src=\"https:\/\/spazioaldamerinidotorg.files.wordpress.com\/2015\/10\/foto10.jpg\" alt=\"foto\" width=\"398\" height=\"563\" \/><\/p>\n<p>&nbsp;<\/p>\n<p><img loading=\"lazy\" class=\" wp-image-495 aligncenter\" src=\"https:\/\/spazioaldamerinidotorg.files.wordpress.com\/2015\/10\/monografia-verzoletto.jpg\" alt=\"07 verzoletto loc 2016 c\" width=\"464\" height=\"663\" \/><\/p>\n<p>&nbsp;<\/p>\n<p><img loading=\"lazy\" class=\" wp-image-493 aligncenter\" src=\"https:\/\/spazioaldamerinidotorg.files.wordpress.com\/2015\/10\/il-tempo-di-una-carezza.jpg\" alt=\"il-tempo-di-una-carezza\" width=\"439\" height=\"586\" \/><\/p>\n<p><img loading=\"lazy\" class=\" wp-image-471 aligncenter\" src=\"https:\/\/spazioaldamerinidotorg.files.wordpress.com\/2015\/10\/foto-21.jpg\" alt=\"foto-2\" width=\"492\" height=\"696\" \/><\/p>\n<p><img loading=\"lazy\" class=\" wp-image-474 aligncenter\" src=\"https:\/\/spazioaldamerinidotorg.files.wordpress.com\/2015\/10\/img_6219.jpg\" alt=\"img_6219\" width=\"517\" height=\"732\" \/><\/p>\n<p>&nbsp;<\/p>\n<p><img loading=\"lazy\" class=\" wp-image-500 aligncenter\" src=\"https:\/\/spazioaldamerinidotorg.files.wordpress.com\/2015\/10\/programma-di-novembre.jpg\" alt=\"programma-di-novembre\" width=\"527\" height=\"749\" \/><\/p>\n<p>&nbsp;<\/p>\n<p>8\/10\/2016<\/p>\n<p>PREMIO DI POESIA CASA MUSEO ALDA MERINI<br \/>\nnella sua Casa Museo in via Magolfa 32-Milano<br \/>\n8 ottobre 2016 ore 20,30<br \/>\nLa Giuria della I\u00b0 edizione del Premio di Poesia Casa Museo Alda Merini,composta da Vivian Lamarque (Presidente), Diana Battaggia, Sergio Bozzola, Franco Buffoni, Bruna Colacicco, Vincenzo Costantino, Giovanni Nuti, Rita Pacilio e Roskaccio<br \/>\nGrazie a Giuliano Grittini per le sue foto inviate<br \/>\nIn mostra i dipinti di Achille Guzzardella<br \/>\n1\u00b0classificato<br \/>\nCINZIA MARULLI con la silloge La casa delle fate<br \/>\n2^ classificati pari merito:<br \/>\nSTEFANO BOLOGNESI con I viandanti<br \/>\nGIOVANNI IBELLO con La nudit\u00e0 \u00e8 dei corpi. Tutto il resto \u00e8 mistificazione<br \/>\nSERGIO PASQUANDREA con Sono un deserto<br \/>\nSILVIA VIGNATI con Marosi<br \/>\nNICOLETTA GRILLO con La pioggia che cade ieri a cui viene assegnata inoltre la menzione speciale per \u201cPoesia italiana oltre confine\u201d.<br \/>\n3^ classificati pari merito<br \/>\nGIULIO MAFFII con Poco prima di un addio<br \/>\nSABRINA PRIOLO con Ouverture del torace7\/10\/2016<\/p>\n<p><a href=\"http:\/\/www.corriere.it\/cultura\/16_ottobre_06\/premio-alda-merini-casa-museo-a72f0c2c-8be6-11e6-8000-f6407e3c703c.shtml\">Alda Merini, la sua Casa Museo premia la poesia inedita<\/a><\/p>\n<p><img loading=\"lazy\" class=\"alignnone size-full wp-image-450\" src=\"https:\/\/spazioaldamerinidotorg.files.wordpress.com\/2015\/10\/foto8.jpg\" alt=\"foto\" width=\"1345\" height=\"701\" \/><\/p>\n<p>27\/09\/2016<\/p>\n<p><a href=\"http:\/\/poesia.lavitafelice.it\/news---5181.html\" target=\"_blank\" rel=\"noopener noreferrer\">RISULTATI DELLA I EDIZIONE DEL PREMIO DI POESIA CASA MUSEO ALDA MERINI<\/a><\/p>\n<p><img loading=\"lazy\" class=\" wp-image-420 aligncenter\" src=\"https:\/\/spazioaldamerinidotorg.files.wordpress.com\/2015\/10\/ultimissima-2-loc.jpg\" alt=\"ultimissima-2-loc\" width=\"613\" height=\"867\" \/><\/p>\n<p>Ecco i risultati della I^ edizione del Premio di Poesia Casa Museo Alda Merini<\/p>\n<p>Dopo l&#8217;annuncio dei finalisti, La Giuria della I^ edizione del Premio di Poesia Casa Museo Alda Merini,composta da Vivian Lamarque (Presidente), Diana Battaggia, Sergio Bozzola, Franco Buffoni, Bruna Colacicco, Vincenzo Costantino, Giovanni Nuti, Rita Pacilio, Roskaccio ha deliberato come segue:<br \/>\nSezione A \u2013 Silloge di poesia<br \/>\n1^ classificato<br \/>\nCINZIA MARULLI con la silloge La casa delle fate<br \/>\n2^ classificati pari merito:<br \/>\nSTEFANO BOLOGNESI con I viandanti<br \/>\nGIOVANNI IBELLO con La nudit\u00e0 \u00e8 dei corpi. Tutto il resto \u00e8 mistificazione<br \/>\nSERGIO PASQUANDREA con Sono un deserto<br \/>\nSILVIA VIGNATI con Marosi<br \/>\nNICOLETTA GRILLO con La pioggia che cade ieri a cui viene assegnata inoltre la menzione speciale per \u201cPoesia italiana oltre confine\u201d.<br \/>\n3^ classificati pari merito<br \/>\nGIULIO MAFFII con Poco prima di un addio<br \/>\nSABRINA PRIOLO con Ouverture del torace<br \/>\nLa cerimonia di premiazione si terr\u00e0 sabato 8 ottobre 2016, alle ore 20.30 presso la Casa delle Arti \u2013 Spazio Alda Merini \u2013 via Magolfa, 32 \u2013 Milano. \u00c8 prevista la partecipazione della Giuria e di:<br \/>\nMaurizio Bonassina, Giuliano Grittini, Ezio Merini &#8211; Comitato d\u2019onore<br \/>\nFabrizio Cecchetti, Vicepresidente del Consiglio regionale della Lombardia<br \/>\nSergio Meazzi, Assessore alla Cultura del Municipio 6 di Milano<br \/>\nFrancesco De Muro, Presidente della Commissione Cultura del Municipio 6 di Milano<br \/>\nSezione B \u2013 Poesia performativa \u2013 Poetry Slam<br \/>\nI risultati finali saranno stabiliti sabato 8 ottobre 2016, a partire dalle ore 14.00 tra i 14 finalisti in gara. La manche finale che stabilir\u00e0 i vincitori sar\u00e0 effettuata durante la cerimonia di premiazione alle ore 21.30.<br \/>\nFinalisti in gara:<br \/>\n1. PAOLO BORSONI &#8211; Ancona<br \/>\n2. LARA CAPPELLARO &#8211; Verona<br \/>\n3. ADA CRIPPA \u2013 Agrate Brianza MI<br \/>\n4. MARIELLA CUOCCIO \u2013 Bitonto BA<\/p>\n<p>5. MARIA PIA DELL&#8217;OMO -Caserta<br \/>\n6. GIANFRANCO DOMIZI \u2013 Reggio Emilia<br \/>\n7. IOLANDA LA CARRUBBA &#8211; Roma<br \/>\n8. GIUSEPPE LECCARDI &#8211; Milano<br \/>\n9. LUCA LEGATO \u2013 Assago MI<br \/>\n10. AVENTINO LOI \u2013 Cagliari<br \/>\n11. MARIANNA CARLOTTA POZZER Verona &#8211;<br \/>\n12. RAFFAELE SABATINO &#8211; Eschering (Svizzera)<br \/>\n13. MARZIA SCHENETTI \u2013 Reggio Emilia<br \/>\n14. LILLI SIMBARI \u2013 Petriano PU<br \/>\n15. MARIA CLAUDIA VIGLIANI &#8211; Torino<br \/>\n16. ANNALISA VIVINO ESPOSITO \u2013 Catanzaro<br \/>\nSi ringraziano tutti i partecipanti, i collaboratori e, in particolare la Fondazione Cariplo per il contributo erogato.<\/p>\n<p>7\/9\/2016<\/p>\n<p><img loading=\"lazy\" class=\" size-full wp-image-405 aligncenter\" src=\"https:\/\/spazioaldamerinidotorg.files.wordpress.com\/2015\/10\/image2.jpeg\" alt=\"image\" width=\"1397\" height=\"1586\" \/><br \/>\nSEZIONE B. Poesia performativa \u2013 Slam Poetry<\/p>\n<p>Circa 50 le proposte giunte in adesione alla sezione di Poesia performativa. Qui di seguito i nomi dei 18 finalisti che parteciperanno al gara dell\u20198 ottobre.<\/p>\n<p>FINALISTI (in ordine alfabetico)<\/p>\n<p>BORSONI Paolo, Ancona<br \/>\nCAPPELLARI Lara, Verona<br \/>\nCRIPPA Ada, Agrate (Mi)<br \/>\nCUOCCIO Mariella, Bitonto (BA)<br \/>\nDELL&#8217;OMO Maria Pia, Caserta<br \/>\nDOMIZI Gianfranco, Reggio Emilia<br \/>\nESPOSITO VIVINO Annalisa, Catanzaro<br \/>\nLA CARRUBBA Iolanda, Roma<br \/>\nLECCARDI Giuseppe<br \/>\nLEGATO Luca, Assago (MI)<br \/>\nLOI Aventino, Cagliari<br \/>\nMERINO Mirella, Avellino<br \/>\nPOZZER Marianna Carlotta, Verona<br \/>\nSABATINO Raffaele, Eschering (Svizzera)<br \/>\nSAGONA Giacomo, Livorno<br \/>\nSCHENETTI Marzia, Reggio Emilia<br \/>\nSIMBARI Lilli, Petriano (PU)<br \/>\nVIGLIANI Maria Claudia, Torino<\/p>\n<p>&nbsp;<\/p>\n<p><img loading=\"lazy\" class=\" wp-image-443 aligncenter\" src=\"https:\/\/spazioaldamerinidotorg.files.wordpress.com\/2015\/10\/programma-ottobre-2016-ultimo.jpg\" alt=\"programma-ottobre-2016-ultimo\" width=\"503\" height=\"712\" \/><\/p>\n<p><img loading=\"lazy\" class=\" wp-image-417 aligncenter\" src=\"https:\/\/spazioaldamerinidotorg.files.wordpress.com\/2015\/10\/locandina-2-legg.jpg\" alt=\"Locandina-2 legg.jpg\" width=\"483\" height=\"683\" \/><\/p>\n<p>&nbsp;<\/p>\n<p><img loading=\"lazy\" class=\" wp-image-418 aligncenter\" src=\"https:\/\/spazioaldamerinidotorg.files.wordpress.com\/2015\/10\/carla-spinella.jpg\" alt=\"carla-spinella\" width=\"469\" height=\"664\" \/><\/p>\n<p><img loading=\"lazy\" class=\" wp-image-415 aligncenter\" src=\"https:\/\/spazioaldamerinidotorg.files.wordpress.com\/2015\/10\/locandina-poesia-zodiaco_rgb.jpg\" alt=\"locandina-poesia-zodiaco_rgb\" width=\"492\" height=\"696\" \/><\/p>\n<p>&nbsp;<\/p>\n<p><img loading=\"lazy\" class=\"alignnone size-full wp-image-454\" src=\"https:\/\/spazioaldamerinidotorg.files.wordpress.com\/2015\/10\/15102016-casa-artiste.jpg\" alt=\"15102016-casa-artiste\" width=\"784\" height=\"295\" \/><\/p>\n<p>&nbsp;<\/p>\n<p><img loading=\"lazy\" class=\" wp-image-444 aligncenter\" src=\"https:\/\/spazioaldamerinidotorg.files.wordpress.com\/2015\/10\/gruppo-caligobenk.jpg\" alt=\"gruppo-caligobenk\" width=\"453\" height=\"619\" \/><\/p>\n<p>&nbsp;<\/p>\n<p><img loading=\"lazy\" class=\" wp-image-461 aligncenter\" src=\"https:\/\/spazioaldamerinidotorg.files.wordpress.com\/2015\/10\/verzoletto.jpg\" alt=\"07 verzoletto loc 2016 c\" width=\"456\" height=\"651\" \/><\/p>\n<p>&nbsp;<\/p>\n<p>&nbsp;<\/p>\n<p><img loading=\"lazy\" class=\" wp-image-470 aligncenter\" src=\"https:\/\/spazioaldamerinidotorg.files.wordpress.com\/2015\/10\/foto-1.jpg\" alt=\"foto-1\" width=\"473\" height=\"590\" \/><\/p>\n<p>&nbsp;<\/p>\n<p>&nbsp;<\/p>\n<p><img loading=\"lazy\" class=\" wp-image-353 aligncenter\" src=\"https:\/\/spazioaldamerinidotorg.files.wordpress.com\/2015\/10\/programma-settembre.jpg\" alt=\"programma settembre\" width=\"530\" height=\"748\" \/><\/p>\n<p>&nbsp;<\/p>\n<p><img loading=\"lazy\" class=\" wp-image-351 aligncenter\" src=\"https:\/\/spazioaldamerinidotorg.files.wordpress.com\/2015\/10\/argiolas.jpg\" alt=\"Argiolas\" width=\"499\" height=\"766\" \/><\/p>\n<p><img loading=\"lazy\" class=\" size-full wp-image-337 aligncenter\" src=\"https:\/\/spazioaldamerinidotorg.files.wordpress.com\/2015\/10\/laboratorio-caro-oliver-2.jpg\" alt=\"laboratorio caro oliver 2\" width=\"513\" height=\"690\" \/><\/p>\n<p><img loading=\"lazy\" class=\" wp-image-364 aligncenter\" src=\"https:\/\/spazioaldamerinidotorg.files.wordpress.com\/2015\/10\/1.jpg\" alt=\"1\" width=\"456\" height=\"645\" \/><\/p>\n<p>&nbsp;<\/p>\n<p>&nbsp;<\/p>\n<p>&nbsp;<\/p>\n<p><img loading=\"lazy\" class=\" wp-image-366 aligncenter\" src=\"https:\/\/spazioaldamerinidotorg.files.wordpress.com\/2015\/10\/2.jpg\" alt=\"2\" width=\"521\" height=\"753\" \/><\/p>\n<p>&nbsp;<\/p>\n<p>&nbsp;<\/p>\n<p><img loading=\"lazy\" class=\" wp-image-410 aligncenter\" src=\"https:\/\/spazioaldamerinidotorg.files.wordpress.com\/2015\/10\/per-amatrice.jpg\" alt=\"per-amatrice\" width=\"507\" height=\"724\" \/><\/p>\n<p>&nbsp;<\/p>\n<p><img loading=\"lazy\" class=\" wp-image-412 aligncenter\" src=\"https:\/\/spazioaldamerinidotorg.files.wordpress.com\/2015\/10\/foto7.jpg\" alt=\"foto\" width=\"606\" height=\"851\" \/><\/p>\n<p>&nbsp;<\/p>\n<p><img loading=\"lazy\" class=\" wp-image-408 aligncenter\" src=\"https:\/\/spazioaldamerinidotorg.files.wordpress.com\/2015\/10\/tolio-definitiva-def-2.jpg\" alt=\"tolio-definitiva-def-2\" width=\"588\" height=\"786\" \/><\/p>\n<p>&nbsp;<\/p>\n<p>&nbsp;<\/p>\n<p>&nbsp;<\/p>\n<p><img loading=\"lazy\" class=\" wp-image-334 aligncenter\" src=\"https:\/\/spazioaldamerinidotorg.files.wordpress.com\/2015\/10\/casa-merini-chiusura-estiva.jpg\" alt=\"Casa Merini chiusura estiva\" width=\"562\" height=\"378\" \/><\/p>\n<p>&nbsp;<\/p>\n<p><img loading=\"lazy\" class=\" wp-image-326 aligncenter\" src=\"https:\/\/spazioaldamerinidotorg.files.wordpress.com\/2015\/10\/programma-luglio-2016.jpg\" alt=\"PROGRAMMA LUGLIO 2016\" width=\"524\" height=\"742\" \/><\/p>\n<p><img loading=\"lazy\" class=\" wp-image-323 aligncenter\" src=\"https:\/\/spazioaldamerinidotorg.files.wordpress.com\/2015\/10\/foto4.jpg\" alt=\"foto\" width=\"528\" height=\"710\" \/><\/p>\n<p><img loading=\"lazy\" class=\" wp-image-322 aligncenter\" src=\"https:\/\/spazioaldamerinidotorg.files.wordpress.com\/2015\/10\/image1.jpeg\" alt=\"image\" width=\"547\" height=\"730\" \/><\/p>\n<p><img loading=\"lazy\" class=\" size-full wp-image-328 aligncenter\" src=\"https:\/\/spazioaldamerinidotorg.files.wordpress.com\/2015\/10\/img_5299.jpg\" alt=\"IMG_5299\" width=\"515\" height=\"727\" \/><\/p>\n<p>&nbsp;<\/p>\n<p>SEZIONE POETRY SLAM<br \/>\nPROROGATO IL TERMINE PER LA PARTECIPAZIONE<br \/>\nSCADENZA 30 GIUGNO<br \/>\n6.6.16 -AVVISO- PROROGATO IL TERMINE PER L&#8217;INVIO DI ELABORATI DELLA SEZIONE SEZIONE B. Poesia performativa \u2013 Slam Poetry fino al 30 GIUGNO 2016.<br \/>\nRESTA INVARIATA LA SCADENZA PER LA SEZIONE A Silloge di poesia: 10 GIUGNO 2016.<br \/>\nInoltre &#8211; sempre per SEZIONE B POESIA PERFORMATIVA &#8211; NON \u00c8 PI\u00d9 RICHIESTO INVIO DEL LINK VIDEO, MA SOLO L&#8217;INVIO MAIL DI 10 TESTI (editi o inediti) IN UN UNICO FILE A scrivi@premiopoesiacasamuseoaldamerini.it indicando la seguente dichiarazione:<br \/>\n&#8220;Autorizzo il trattamento dei miei dati personali ai sensi della disciplina generale di tutela della privacy (L. n. 675\/1996; D. Lgs. n. 196\/2003).\u201d Qualora il concorrente desideri partecipare con pseudonimo dovr\u00e0 specificarlo nella mail.<\/p>\n<p><img loading=\"lazy\" class=\"alignnone wp-image-237\" src=\"https:\/\/spazioaldamerinidotorg.files.wordpress.com\/2015\/10\/locandina_premio_casamuseo_1giugno1.jpg\" alt=\"locandina_premio_casamuseo_1giugno\" width=\"590\" height=\"835\" \/><\/p>\n<p>&nbsp;<\/p>\n<p><img loading=\"lazy\" class=\" wp-image-185 aligncenter\" src=\"https:\/\/spazioaldamerinidotorg.files.wordpress.com\/2015\/10\/programma-di-giugno.jpg\" alt=\"programma di giugno\" width=\"585\" height=\"828\" \/><\/p>\n<p><img loading=\"lazy\" class=\" wp-image-301 aligncenter\" src=\"https:\/\/spazioaldamerinidotorg.files.wordpress.com\/2015\/10\/io-sono-il-nordest2.jpg\" alt=\"Io sono il Nordest\" width=\"578\" height=\"818\" \/><\/p>\n<p><img loading=\"lazy\" class=\" wp-image-182 aligncenter\" src=\"https:\/\/spazioaldamerinidotorg.files.wordpress.com\/2015\/10\/fly-sogno-di-libertc3a01.jpg\" alt=\"Fly Sogno di Libert\u00e0\" width=\"591\" height=\"423\" \/><\/p>\n<p><img loading=\"lazy\" class=\" wp-image-180 aligncenter\" src=\"https:\/\/spazioaldamerinidotorg.files.wordpress.com\/2015\/10\/foto-copia-4.jpg\" alt=\"foto copia 4\" width=\"585\" height=\"733\" \/><\/p>\n<p>&nbsp;<\/p>\n<p><img loading=\"lazy\" class=\" wp-image-200 aligncenter\" src=\"https:\/\/spazioaldamerinidotorg.files.wordpress.com\/2015\/10\/chinello-ultimo.jpg\" alt=\"chinello ultimo\" width=\"532\" height=\"725\" \/><\/p>\n<p><img loading=\"lazy\" class=\" size-full wp-image-311 aligncenter\" src=\"https:\/\/spazioaldamerinidotorg.files.wordpress.com\/2015\/10\/18-giugno-slam-italia-finaliss.jpg\" alt=\"18-giugno slam Italia finaliss\" width=\"525\" height=\"690\" \/><\/p>\n<p><img loading=\"lazy\" class=\" wp-image-318 aligncenter\" src=\"https:\/\/spazioaldamerinidotorg.files.wordpress.com\/2015\/10\/23-giugno.jpg\" alt=\"23 giugno\" width=\"557\" height=\"743\" \/><\/p>\n<p><img loading=\"lazy\" class=\" wp-image-319 aligncenter\" src=\"https:\/\/spazioaldamerinidotorg.files.wordpress.com\/2015\/10\/25-giugno-duska.jpg\" alt=\"25 giugno Duska\" width=\"463\" height=\"607\" \/><\/p>\n<p>&nbsp;<\/p>\n<p><img loading=\"lazy\" class=\" wp-image-160 aligncenter\" src=\"https:\/\/spazioaldamerinidotorg.files.wordpress.com\/2015\/10\/image-9.jpeg\" alt=\"image 9\" width=\"523\" height=\"740\" \/><\/p>\n<p><img loading=\"lazy\" class=\" wp-image-143 aligncenter\" src=\"https:\/\/spazioaldamerinidotorg.files.wordpress.com\/2015\/10\/13147444_1727159187567420_3582115300426309856_o.jpg\" alt=\"13147444_1727159187567420_3582115300426309856_o\" width=\"548\" height=\"731\" \/><\/p>\n<p><img loading=\"lazy\" class=\" wp-image-241 aligncenter\" src=\"https:\/\/spazioaldamerinidotorg.files.wordpress.com\/2015\/10\/image-7.jpeg\" alt=\"image 7\" width=\"540\" height=\"764\" \/><\/p>\n<p><img loading=\"lazy\" class=\" wp-image-164 aligncenter\" src=\"https:\/\/spazioaldamerinidotorg.files.wordpress.com\/2015\/10\/prima-pagina-per-il-video-dellevento-22emozioni-tra-arte-e-vita22-15-maggio-2016-a-cura-di-maria-rosa-del-buono-e-liliana-ciotto.jpg\" alt=\"Prima pagina per il video dell'evento - %22Emozioni tra Arte e Vita%22 15 maggio 2016 a cura di Maria Rosa Del Buono e Liliana Ciotto\" width=\"575\" height=\"813\" \/><\/p>\n<p><img loading=\"lazy\" class=\" wp-image-170 aligncenter\" src=\"https:\/\/spazioaldamerinidotorg.files.wordpress.com\/2015\/10\/image-8.jpeg\" alt=\"image 8\" width=\"573\" height=\"778\" \/><\/p>\n<p><img loading=\"lazy\" class=\" wp-image-169 aligncenter\" src=\"https:\/\/spazioaldamerinidotorg.files.wordpress.com\/2015\/10\/foto-copia.jpg\" alt=\"foto copia\" width=\"576\" height=\"728\" \/><\/p>\n<p><img loading=\"lazy\" class=\" wp-image-242 aligncenter\" src=\"https:\/\/spazioaldamerinidotorg.files.wordpress.com\/2015\/10\/foto2.jpg\" alt=\"foto\" width=\"583\" height=\"778\" \/><\/p>\n<p><img loading=\"lazy\" class=\" wp-image-243 aligncenter\" src=\"https:\/\/spazioaldamerinidotorg.files.wordpress.com\/2015\/10\/foto-copia-2.png\" alt=\"foto copia 2\" width=\"536\" height=\"804\" \/><\/p>\n<p>&nbsp;<\/p>\n<p><img loading=\"lazy\" class=\" wp-image-244 aligncenter\" src=\"https:\/\/spazioaldamerinidotorg.files.wordpress.com\/2015\/10\/locandina-1_rgb_721.jpg\" alt=\"LOCANDINA 1_RGB_72\" width=\"483\" height=\"683\" \/><\/p>\n<p>&nbsp;<\/p>\n<p><img loading=\"lazy\" class=\" wp-image-245 aligncenter\" src=\"https:\/\/spazioaldamerinidotorg.files.wordpress.com\/2015\/10\/concerto-birdie-1.jpg\" alt=\"concerto birdie 1\" width=\"496\" height=\"676\" \/><\/p>\n<p>&nbsp;<\/p>\n<p><img loading=\"lazy\" class=\" wp-image-161 aligncenter\" src=\"https:\/\/spazioaldamerinidotorg.files.wordpress.com\/2015\/10\/image-4.jpeg\" alt=\"image 4\" width=\"434\" height=\"569\" \/><\/p>\n<p>&nbsp;<\/p>\n<p><img loading=\"lazy\" class=\" wp-image-247 aligncenter\" src=\"https:\/\/spazioaldamerinidotorg.files.wordpress.com\/2015\/10\/foto-2.jpg\" alt=\"foto 2\" width=\"470\" height=\"641\" \/><\/p>\n<p><img loading=\"lazy\" class=\" wp-image-171 aligncenter\" src=\"https:\/\/spazioaldamerinidotorg.files.wordpress.com\/2015\/10\/estate-sotto-la-tettoia-1-copia.jpg\" alt=\"estate sotto la tettoia 1 copia\" width=\"572\" height=\"781\" \/><\/p>\n<p>&nbsp;<\/p>\n<p><img loading=\"lazy\" class=\" wp-image-315 aligncenter\" src=\"https:\/\/spazioaldamerinidotorg.files.wordpress.com\/2015\/10\/1-programma-aprile.jpeg\" alt=\"1-programma aprile\" width=\"594\" height=\"840\" \/><\/p>\n<p>&nbsp;<\/p>\n<p><img loading=\"lazy\" class=\" wp-image-253 aligncenter\" src=\"https:\/\/spazioaldamerinidotorg.files.wordpress.com\/2015\/10\/image-13.jpeg\" alt=\"image 13\" width=\"549\" height=\"732\" \/><\/p>\n<p><img loading=\"lazy\" class=\" wp-image-316 aligncenter\" src=\"https:\/\/spazioaldamerinidotorg.files.wordpress.com\/2015\/10\/21-aprile.jpeg\" alt=\"21-aprile\" width=\"563\" height=\"704\" \/><\/p>\n<p><img loading=\"lazy\" class=\" wp-image-267 aligncenter\" src=\"https:\/\/spazioaldamerinidotorg.files.wordpress.com\/2015\/10\/image-22.jpeg\" alt=\"image 2\" width=\"523\" height=\"697\" \/><\/p>\n","protected":false},"excerpt":{"rendered":"<p>programmi mensili ed eventi anno 2016 &nbsp; &nbsp; &nbsp; &nbsp; &nbsp; &nbsp; &nbsp; &nbsp; &nbsp; &nbsp; &nbsp; &nbsp; &nbsp; &nbsp; &nbsp; &nbsp; &nbsp; &nbsp; &nbsp; &nbsp; &nbsp; &nbsp; 8\/10\/2016 PREMIO DI POESIA CASA MUSEO ALDA MERINI nella sua Casa Museo in via Magolfa 32-Milano 8 ottobre 2016 ore 20,30 La Giuria della I\u00b0 edizione del [&hellip;]<\/p>\n","protected":false},"author":1,"featured_media":0,"parent":10,"menu_order":0,"comment_status":"closed","ping_status":"closed","template":"","meta":[],"_links":{"self":[{"href":"https:\/\/lacasadelleartiste.it\/index.php?rest_route=\/wp\/v2\/pages\/1623"}],"collection":[{"href":"https:\/\/lacasadelleartiste.it\/index.php?rest_route=\/wp\/v2\/pages"}],"about":[{"href":"https:\/\/lacasadelleartiste.it\/index.php?rest_route=\/wp\/v2\/types\/page"}],"author":[{"embeddable":true,"href":"https:\/\/lacasadelleartiste.it\/index.php?rest_route=\/wp\/v2\/users\/1"}],"replies":[{"embeddable":true,"href":"https:\/\/lacasadelleartiste.it\/index.php?rest_route=%2Fwp%2Fv2%2Fcomments&post=1623"}],"version-history":[{"count":0,"href":"https:\/\/lacasadelleartiste.it\/index.php?rest_route=\/wp\/v2\/pages\/1623\/revisions"}],"up":[{"embeddable":true,"href":"https:\/\/lacasadelleartiste.it\/index.php?rest_route=\/wp\/v2\/pages\/10"}],"wp:attachment":[{"href":"https:\/\/lacasadelleartiste.it\/index.php?rest_route=%2Fwp%2Fv2%2Fmedia&parent=1623"}],"curies":[{"name":"wp","href":"https:\/\/api.w.org\/{rel}","templated":true}]}}